{"id":4689,"date":"2023-10-19T11:59:17","date_gmt":"2023-10-19T09:59:17","guid":{"rendered":"https:\/\/paul-lindner.de\/v3\/?page_id=4689"},"modified":"2025-06-02T15:39:07","modified_gmt":"2025-06-02T13:39:07","slug":"karriere","status":"publish","type":"page","link":"https:\/\/paul-lindner.de\/v3\/karriere\/","title":{"rendered":"Stellenangebote"},"content":{"rendered":"<p>[et_pb_section fb_built=&#8220;1&#8243; admin_label=&#8220;Header&#8220; _builder_version=&#8220;4.22.1&#8243; custom_padding=&#8220;130px||0px||false|false&#8220; locked=&#8220;off&#8220; global_colors_info=&#8220;{}&#8220;][et_pb_row _builder_version=&#8220;4.22.1&#8243; custom_margin=&#8220;||||false|false&#8220; locked=&#8220;off&#8220; global_colors_info=&#8220;{}&#8220;][et_pb_column type=&#8220;4_4&#8243; _builder_version=&#8220;4.16&#8243; global_colors_info=&#8220;{}&#8220;][dsm_breadcrumbs home_icon=&#8220;&#xe074;||divi||400&#8243; separator_icon=&#8220;&#x45;||divi||400&#8243; _builder_version=&#8220;4.22.1&#8243; _module_preset=&#8220;default&#8220; home_icon_text_color=&#8220;#F07D00&#8243; global_colors_info=&#8220;{}&#8220;][\/dsm_breadcrumbs][\/et_pb_column][\/et_pb_row][\/et_pb_section][et_pb_section fb_built=&#8220;1&#8243; custom_padding_last_edited=&#8220;on|tablet&#8220; admin_label=&#8220;Header&#8220; _builder_version=&#8220;4.22.2&#8243; custom_margin=&#8220;||||false|false&#8220; custom_padding=&#8220;||0px||false|false&#8220; custom_padding_tablet=&#8220;0px||||false|false&#8220; custom_padding_phone=&#8220;&#8220; global_colors_info=&#8220;{}&#8220;][et_pb_row column_structure=&#8220;3_5,2_5&#8243; custom_padding_last_edited=&#8220;on|phone&#8220; _builder_version=&#8220;4.22.2&#8243; background_color=&#8220;#E6E6E6&#8243; width_tablet=&#8220;100%&#8220; width_phone=&#8220;&#8220; width_last_edited=&#8220;on|tablet&#8220; custom_padding=&#8220;27px||27px|80px|true|false&#8220; custom_padding_tablet=&#8220;40px|40px|40px|40px|true|true&#8220; custom_padding_phone=&#8220;||||false&#8220; box_shadow_style=&#8220;preset4&#8243; box_shadow_horizontal=&#8220;30vw&#8220; box_shadow_vertical=&#8220;0px&#8220; box_shadow_color=&#8220;#3C3D41&#8243; global_colors_info=&#8220;{}&#8220;][et_pb_column type=&#8220;3_5&#8243; _builder_version=&#8220;4.16&#8243; global_colors_info=&#8220;{}&#8220;][et_pb_text _builder_version=&#8220;4.22.2&#8243; text_font_size=&#8220;18px&#8220; text_line_height=&#8220;2em&#8220; header_font=&#8220;Unna||||||||&#8220; header_font_size=&#8220;96px&#8220; header_2_font=&#8220;|700|||||||&#8220; header_3_font=&#8220;|700|||||||&#8220; header_3_text_color=&#8220;#F07D00&#8243; header_3_font_size=&#8220;18px&#8220; text_font_size_tablet=&#8220;16px&#8220; text_font_size_phone=&#8220;15px&#8220; text_font_size_last_edited=&#8220;on|phone&#8220; header_font_tablet=&#8220;&#8220; header_font_phone=&#8220;&#8220; header_font_last_edited=&#8220;on|phone&#8220; header_font_size_tablet=&#8220;60px&#8220; header_font_size_phone=&#8220;42px&#8220; header_font_size_last_edited=&#8220;on|tablet&#8220; global_colors_info=&#8220;{}&#8220;]<\/p>\n<h2>Karriere<\/h2>\n<h3><span>bei Lindner Verpackungen.<\/span><\/h3>\n<p>Die Paul Lindner GmbH ist ein mittelst\u00e4ndisches, dynamisches und erfolgreiches Unternehmen in der Verpackungsindustrie. Als eines der f\u00fchrenden Unternehmen im Bereich Herstellung und Vertrieb von ma\u00dfgeschneiderten Verpackungsl\u00f6sungen haben wir uns zum Ziel gesetzt, unseren Kunden stets wirtschaftliche L\u00f6sungen anzubieten.<\/p>\n<p>Zur Verst\u00e4rkung unseres Teams suchen wir:<\/p>\n<p>[\/et_pb_text][et_pb_accordion icon_color=&#8220;#3C3D41&#8243; _builder_version=&#8220;4.27.4&#8243; _module_preset=&#8220;default&#8220; toggle_font=&#8220;|600|||||||&#8220; toggle_font_size=&#8220;18px&#8220; closed_toggle_font=&#8220;|600|||||||&#8220; closed_toggle_font_size=&#8220;18px&#8220; body_font_size=&#8220;16px&#8220; body_line_height=&#8220;1.8em&#8220; custom_margin=&#8220;||||false|false&#8220; custom_padding=&#8220;||||false|false&#8220; hover_enabled=&#8220;0&#8243; db_closeable=&#8220;on&#8220; locked=&#8220;off&#8220; global_colors_info=&#8220;{}&#8220; sticky_enabled=&#8220;0&#8243;][et_pb_accordion_item title=&#8220;LKW-Fahrer Nahverkehr (m\/w\/d)&#8220; open=&#8220;on&#8220; _builder_version=&#8220;4.27.4&#8243; _module_preset=&#8220;default&#8220; hover_enabled=&#8220;0&#8243; global_colors_info=&#8220;{}&#8220; toggle_line_height=&#8220;1.4em&#8220; sticky_enabled=&#8220;0&#8243;]<\/p>\n<p>&nbsp;<\/p>\n<p><strong><b>IHR AUFGABENGEBIET:<\/b><\/strong><\/p>\n<ul>\n<li>Be- und Entladen von Lkws<\/li>\n<li>Transport unserer Waren an unsere Kunden im Nahverkehr<\/li>\n<li>Innerbetrieblicher Transport<\/li>\n<\/ul>\n<hr \/>\n<p><strong>IHR PROFIL:<\/strong><\/p>\n<ul>\n<li>F\u00fchrerschein Klasse CE mit g\u00fcltiger Fahrerkarte<\/li>\n<li>Berufserfahrung im F\u00fchren von Lkw<\/li>\n<li>Zuverl\u00e4ssigkeit, eigenverantwortliche Arbeitsweise<\/li>\n<li>technisches Verst\u00e4ndnis<\/li>\n<li>Freude an der Arbeit, Teamf\u00e4higkeit<\/li>\n<li>Interesse an einer langfristigen Besch\u00e4ftigung<\/li>\n<\/ul>\n<hr \/>\n<p><strong>WIR BIETEN:<\/strong><\/p>\n<ul>\n<li>Einen abwechslungsreichen, sicheren Arbeitsplatz<\/li>\n<li>Kollegiales Betriebsklima<\/li>\n<li>Fahrradleasing<\/li>\n<li>Zusatzleistungen<\/li>\n<\/ul>\n<hr \/>\n<p>Wenn wir Ihr Interesse geweckt haben, dann senden Sie bitte Ihre aussagekr\u00e4ftigen Bewerbungsunterlagen unter Angabe Ihrer Gehaltsvorstellung und Ihres fr\u00fchestm\u00f6glichen Eintrittstermins per <a href=\"mailto:bewerbung@paul-lindner.de\">Email<\/a> oder an unsere Postanschrift.<\/p>\n<p>Wir freuen uns darauf, Sie kennenzulernen!<\/p>\n<p>[\/et_pb_accordion_item][et_pb_accordion_item title=&#8220;Mitarbeiter im Bereich Arbeitsvorbereitung (m\/w\/d)&#8220; open=&#8220;on&#8220; _builder_version=&#8220;4.27.4&#8243; _module_preset=&#8220;default&#8220; global_colors_info=&#8220;{}&#8220; toggle_line_height=&#8220;1.4em&#8220;]<\/p>\n<p>&nbsp;<\/p>\n<p><strong><b>IHR AUFGABENGEBIET:<\/b><\/strong><\/p>\n<ul>\n<li>Erstellung von Produktionsunterlagen wie Musterkarten, Druckkarten und Konfektionier-Anleitungen<\/li>\n<li>Erstellung von Druck- und Stanzzeichnungen<\/li>\n<li>Beschaffung von Werkzeugen und Klischees<\/li>\n<li>Pr\u00fcfung der neu beschafften Werkzeuge und Klischees<\/li>\n<li>Erstellung von Jobkarten f\u00fcr die Fertigung<\/li>\n<li>Sicherstellung der termingerechten Verf\u00fcgbarkeit von neu bestellten oder reparaturbed\u00fcrftigen Werkzeugen und Klischees<\/li>\n<li>Durchf\u00fchrung von Fertigungsabnahmen im Bereich Werkzeuge und Druck<\/li>\n<\/ul>\n<hr \/>\n<p><strong>IHR PROFIL:<\/strong><\/p>\n<ul>\n<li>Eine abgeschlossene technische Ausbildung im Bereich Verpackungstechnik, Werkzeugbau oder eine vergleichbare Qualifikationen<\/li>\n<li>Erste Berufserfahrung in der technischen Arbeitsvorbereitung sind w\u00fcnschenswert<\/li>\n<li>Kenntnisse im Flexodruck oder Werkzeugbau f\u00fcr den Bereich der Wellpappenverarbeitung sind w\u00fcnschenswert<\/li>\n<li>Erfahrung im Umgang mit Zeichenprogrammen (z.B. Illustrator, Auto-CAD oder \u00e4hnlichem) sind von Vorteil<\/li>\n<li>Selbst\u00e4ndige, zuverl\u00e4ssige und strukturierte Arbeitsweise<\/li>\n<li>Eigeninitiative, Zielstrebigkeit und L\u00f6sungsorientierung<\/li>\n<li>Sicherer Umgang mit MS-Office Programmen<\/li>\n<li>Interesse an einer langfristigen Besch\u00e4ftigung innerhalb eines schlagkr\u00e4ftigen und erfolgreichen Teams<\/li>\n<\/ul>\n<hr \/>\n<p><strong>WIR BIETEN:<\/strong><\/p>\n<ul>\n<li>eine herausfordernde und abwechslungsreiche T\u00e4tigkeit in einem nachhaltig wachsenden Unternehmen mit modernster Produktionstechnik<\/li>\n<li>eine umfassende Einarbeitung in das Aufgabengebiet und das Produktportfolio im Haus<\/li>\n<li>eine Aufgabe mit der M\u00f6glichkeit, sehr abwechslungsreich und selbst\u00e4ndig zu arbeiten<\/li>\n<li>Flexible Arbeitszeiten, Arbeitszeitkonto<\/li>\n<\/ul>\n<hr \/>\n<p>Wenn wir Ihr Interesse geweckt haben, dann senden Sie bitte Ihre aussagekr\u00e4ftigen Bewerbungsunterlagen unter Angabe Ihrer Gehaltsvorstellung und Ihres fr\u00fchestm\u00f6glichen Eintrittstermins per <a href=\"mailto:bewerbung@paul-lindner.de\">Email<\/a> oder an unsere Postanschrift.<\/p>\n<p>Wir freuen uns darauf, Sie kennenzulernen!<\/p>\n<p>[\/et_pb_accordion_item][et_pb_accordion_item title=&#8220;Vertriebsmitarbeiter im Innendienst (m\/w\/d)&#8220; _builder_version=&#8220;4.27.4&#8243; _module_preset=&#8220;default&#8220; global_colors_info=&#8220;{}&#8220; toggle_line_height=&#8220;1.4em&#8220; open=&#8220;off&#8220;]<\/p>\n<p>&nbsp;<\/p>\n<p><strong><b>IHR AUFGABENGEBIET:<\/b><\/strong><\/p>\n<ul>\n<li>Betreuung und Beratung von langj\u00e4hrigen oder neuen Kunden<\/li>\n<li>Angebotserstellung, -bearbeitung und -verfolgung<\/li>\n<li>Kalkulation von Artikeln<\/li>\n<li>Auftragsbearbeitung<\/li>\n<li>anfallende B\u00fcrot\u00e4tigkeiten<\/li>\n<li>telefonische und schriftliche Korrespondenz mit Kunden<\/li>\n<\/ul>\n<hr \/>\n<p><strong>IHR PROFIL:<\/strong><\/p>\n<ul>\n<li>Abgeschlossene kaufm\u00e4nnische oder technische Ausbildung<\/li>\n<li>Berufserfahrung im B2B-Vertrieb, idealerweise Verpackungsbranche<\/li>\n<li>Erfahrung im Umgang mit ERP-System und MS-Office<\/li>\n<li>Erfahrung im Arbeitsleben<\/li>\n<li>Freude an der Arbeit<\/li>\n<li>Teamf\u00e4higkeit, Belastbarkeit<\/li>\n<li>Zielstrebigkeit und verbindliches Auftreten<\/li>\n<\/ul>\n<hr \/>\n<p><strong>WIR BIETEN:<\/strong><\/p>\n<ul>\n<li>interessante Aufgaben, gutes Arbeitsumfeld<\/li>\n<li>ein erfolgsorientiertes Team und ein kollegiales, dynamisches Umfeld<\/li>\n<li>ein leistungsbezogenes Entlohnungssystem<\/li>\n<\/ul>\n<hr \/>\n<p>Wenn wir Ihr Interesse geweckt haben, dann senden Sie bitte Ihre aussagekr\u00e4ftigen Bewerbungsunterlagen unter Angabe Ihrer Gehaltsvorstellung und Ihres fr\u00fchestm\u00f6glichen Eintrittstermins per <a href=\"mailto:bewerbung@paul-lindner.de\">Email<\/a> oder an unsere Postanschrift.<\/p>\n<p>Wir freuen uns darauf, Sie kennenzulernen!<\/p>\n<p>[\/et_pb_accordion_item][et_pb_accordion_item title=&#8220;Entwickler f\u00fcr Verpackungen aus Wellpappe und Schaumstoff (m\/w\/d)&#8220; _builder_version=&#8220;4.27.4&#8243; _module_preset=&#8220;default&#8220; global_colors_info=&#8220;{}&#8220; toggle_line_height=&#8220;1.4em&#8220; open=&#8220;off&#8220;]<\/p>\n<p>&nbsp;<\/p>\n<p><strong><b>IHR AUFGABENGEBIET:<\/b><\/strong><\/p>\n<ul>\n<li>Entwicklung von Verpackungen aus Wellpappe und Schaumstoffen, d.h. Analyse der Kundenanforderungen, Entwurf von Verpackungsl\u00f6sungen, Gestaltung\/Entwicklung im CAD-System<\/li>\n<li>Weiterentwicklung bestehender Verpackungen<\/li>\n<li>Herstellung von Mustern und Vorgaben f\u00fcr die Produktion<\/li>\n<li>Beratung der Mitarbeiter im Vertrieb bei der Analyse, Aufnahme und Umsetzung der Kundenanforderungen sowie der Optimierung von Verpackungen<\/li>\n<\/ul>\n<hr \/>\n<p><strong>IHR PROFIL:<\/strong><\/p>\n<ul>\n<li>idealerweise eine abgeschlossene Ausbildung zum\/-r Packmitteltechnologen\/-in<\/li>\n<li>Berufserfahrung in der Produktion von Verpackungen aus Wellpappe und Schaumstoffen mit Stanzen und sonstigen Verarbeitungsmaschinen bzw. erste Erfahrungen im Bereich der Entwicklung von Verpackungen aus Wellpappe sind erw\u00fcnscht.<\/li>\n<li>sehr gute CAD-Kenntnisse (vorzugsweise in V-Pack) 3D-Verpackungsdesign<\/li>\n<li>Kreativit\u00e4t, ein ausgepr\u00e4gtes r\u00e4umliches Vor-\/Darstellungsverm\u00f6gen sowie eine weit entwickelte Team- und Probleml\u00f6sungsorientierung<\/li>\n<li>Belastbarkeit, ein hohes Verantwortungsbewusstsein sowie\u00a0eine sehr selbst\u00e4ndige Arbeitsweise<\/li>\n<\/ul>\n<hr \/>\n<p><strong>WIR BIETEN:<\/strong><\/p>\n<ul>\n<li>eine herausfordernde und abwechslungsreiche T\u00e4tigkeit in einem nachhaltig wachsenden Unternehmen mit modernster Produktionstechnik<\/li>\n<li>eine umfassende Einarbeitung in das Aufgabengebiet und das Produktportfolio im Haus<\/li>\n<li>eine Aufgabe mit der M\u00f6glichkeit, sehr abwechslungsreich und selbst\u00e4ndig zu arbeiten<\/li>\n<\/ul>\n<hr \/>\n<p>Wenn wir Ihr Interesse geweckt haben, dann senden Sie bitte Ihre aussagekr\u00e4ftigen Bewerbungsunterlagen unter Angabe Ihrer Gehaltsvorstellung und Ihres fr\u00fchestm\u00f6glichen Eintrittstermins per <a href=\"mailto:bewerbung@paul-lindner.de\">Email<\/a> oder an unsere Postanschrift.<\/p>\n<p>Wir freuen uns darauf, Sie kennenzulernen!<\/p>\n<p>[\/et_pb_accordion_item][\/et_pb_accordion][et_pb_image src=&#8220;https:\/\/paul-lindner.de\/v3\/wp-content\/uploads\/2023\/09\/pdf_icon3.svg&#8220; title_text=&#8220;pdf_icon3&#8243; url=&#8220;https:\/\/paul-lindner.de\/v3\/wp-content\/uploads\/2023\/10\/Stellenanzeige_Vertrieb_10-23.pdf&#8220; url_new_window=&#8220;on&#8220; disabled_on=&#8220;on|on|on&#8220; _builder_version=&#8220;4.25.1&#8243; _module_preset=&#8220;default&#8220; width=&#8220;60px&#8220; disabled=&#8220;on&#8220; locked=&#8220;off&#8220; global_colors_info=&#8220;{}&#8220;][\/et_pb_image][et_pb_accordion icon_color=&#8220;#3C3D41&#8243; disabled_on=&#8220;on|on|on&#8220; _builder_version=&#8220;4.25.2&#8243; _module_preset=&#8220;default&#8220; toggle_font=&#8220;|600|||||||&#8220; toggle_font_size=&#8220;18px&#8220; closed_toggle_font=&#8220;|600|||||||&#8220; closed_toggle_font_size=&#8220;18px&#8220; body_font_size=&#8220;16px&#8220; body_line_height=&#8220;1.8em&#8220; custom_margin=&#8220;||||false|false&#8220; custom_padding=&#8220;||||false|false&#8220; db_closeable=&#8220;on&#8220; disabled=&#8220;on&#8220; locked=&#8220;off&#8220; global_colors_info=&#8220;{}&#8220;][et_pb_accordion_item title=&#8220;Vertriebsmitarbeiter im Innendienst (m\/w\/d) \u2013 Vollzeit&#8220; open=&#8220;on&#8220; _builder_version=&#8220;4.25.1&#8243; _module_preset=&#8220;default&#8220; global_colors_info=&#8220;{}&#8220; toggle_line_height=&#8220;1.4em&#8220;]<\/p>\n<section class=\"av_textblock_section av-3i9xe-8cead0136e724fe1dfb6c0135d0882c4 \" itemscope=\"itemscope\" itemtype=\"https:\/\/schema.org\/CreativeWork\">\n<div class=\"avia_textblock av_inherit_color\" itemprop=\"text\"><\/div>\n<\/section>\n<div class=\"flex_column av-5rze-c621d53f27a21219dd095c6129025477 av_one_full  avia-builder-el-2  el_after_av_hr  avia-builder-el-last  first flex_column_div av-zero-column-padding  \">\n<section class=\"av_textblock_section av-q8v6-1b7ee33937d128f8327eea988ab82da5 \" itemscope=\"itemscope\" itemtype=\"https:\/\/schema.org\/CreativeWork\">\n<div class=\"avia_textblock\" itemprop=\"text\">\n<p><strong>Ihr Aufgabengebiet:<\/strong><\/p>\n<ul>\n<li>Betreuung und Beratung von langj\u00e4hrigen Kunden<\/li>\n<li>Angebotserstellung, -bearbeitung und -verfolgung<\/li>\n<li>Kalkulation von Artikeln<\/li>\n<li>Auftragsbearbeitung<\/li>\n<li>anfallende B\u00fcrot\u00e4tigkeiten<\/li>\n<li>telefonische und schriftliche Korrespondenz mit Kunden<\/li>\n<\/ul>\n<p><strong>Ihr Profil:<\/strong><\/p>\n<ul>\n<li>Abgeschlossene kaufm\u00e4nnische oder technische Ausbildung<\/li>\n<li>Berufserfahrung im B2B-Vertrieb, idealerweise Verpackungsbranche<\/li>\n<li>Erfahrung im Umgang mit ERP-System und MS-Office<\/li>\n<li>Erfahrung im Arbeitsleben<\/li>\n<li>Freude an der Arbeit<\/li>\n<li>Teamf\u00e4higkeit, Belastbarkeit<\/li>\n<li>Zielstrebigkeit und verbindliches Auftreten<\/li>\n<\/ul>\n<p><strong>Wir bieten:<\/strong><\/p>\n<ul>\n<li>interessante Aufgaben, gutes Arbeitsumfeld<\/li>\n<li>ein erfolgsorientiertes Team und ein kollegiales, dynamisches Umfeld<\/li>\n<li>ein leistungsbezogenes Entlohnungssystem<\/li>\n<\/ul>\n<p>Wenn wir Ihr Interesse geweckt haben, dann senden Sie bitte Ihre aussagekr\u00e4ftigen Bewerbungsunterlagen unter Angabe Ihrer Gehaltsvorstellung und Ihres fr\u00fchestm\u00f6glichen Eintrittstermins entweder per E-Mail an<span>\u00a0<\/span><a href=\"mailto:bewerbung@paul-lindner.de?subject=[paul-lindner.de]%20Bewerbung\">bewerbung@paul-lindner.de<\/a><span>\u00a0<\/span>oder an unsere Postanschrift.<\/p>\n<p>Wir freuen uns darauf, Sie kennenzulernen!<\/p>\n<p><a href=\"https:\/\/paul-lindner.de\/v3\/wp-content\/uploads\/2023\/10\/Stellenanzeige_Vertrieb_10-23.pdf\" target=\"_blank\" rel=\"noopener\"><img loading=\"lazy\" decoding=\"async\" src=\"https:\/\/paul-lindner.de\/v3\/wp-content\/uploads\/2024\/05\/pdf_dl.png\" width=\"58\" height=\"76\" alt=\"\" class=\"wp-image-4798 alignnone size-full\" \/><\/a><\/p>\n<\/div>\n<\/section>\n<\/div>\n<p>[\/et_pb_accordion_item][\/et_pb_accordion][et_pb_text _builder_version=&#8220;4.25.1&#8243; text_font_size=&#8220;18px&#8220; text_line_height=&#8220;2em&#8220; header_font=&#8220;Unna||||||||&#8220; header_font_size=&#8220;96px&#8220; header_2_font=&#8220;|700|||||||&#8220; header_3_font=&#8220;|700|||||||&#8220; header_3_text_color=&#8220;#F07D00&#8243; header_3_font_size=&#8220;18px&#8220; custom_margin=&#8220;80px||||false|false&#8220; text_font_size_tablet=&#8220;16px&#8220; text_font_size_phone=&#8220;15px&#8220; text_font_size_last_edited=&#8220;on|phone&#8220; header_font_tablet=&#8220;&#8220; header_font_phone=&#8220;&#8220; header_font_last_edited=&#8220;on|phone&#8220; header_font_size_tablet=&#8220;60px&#8220; header_font_size_phone=&#8220;42px&#8220; header_font_size_last_edited=&#8220;on|tablet&#8220; locked=&#8220;off&#8220; global_colors_info=&#8220;{}&#8220;]<\/p>\n<h2>Ausbildung<\/h2>\n<h3><span>bei Lindner Verpackungen.<\/span><\/h3>\n<p>[\/et_pb_text][et_pb_accordion icon_color=&#8220;#3C3D41&#8243; _builder_version=&#8220;4.27.4&#8243; _module_preset=&#8220;default&#8220; toggle_font=&#8220;|600|||||||&#8220; toggle_font_size=&#8220;18px&#8220; closed_toggle_font=&#8220;|600|||||||&#8220; closed_toggle_font_size=&#8220;18px&#8220; body_font_size=&#8220;16px&#8220; body_line_height=&#8220;1.8em&#8220; custom_margin=&#8220;||||false|false&#8220; custom_padding=&#8220;||||false|false&#8220; db_closeable=&#8220;on&#8220; locked=&#8220;off&#8220; global_colors_info=&#8220;{}&#8220;][et_pb_accordion_item title=&#8220;Ausbildung zum Packmitteltechnologe\/-Technologing&#8220; _builder_version=&#8220;4.22.2&#8243; _module_preset=&#8220;default&#8220; global_colors_info=&#8220;{}&#8220; toggle_line_height=&#8220;1.4em&#8220; open=&#8220;on&#8220;]<\/p>\n<p>Als Packmitteltechnologe\/-technologin bist Du daf\u00fcr verantwortlich, dass Computer, Mobiltelefone, M\u00f6bel oder Lebensmittel unbeschadet beim Kunden ankommen. Du produzierst Verpackungen, die nicht nur sch\u00fctzen, sondern auch den Verkauf f\u00f6rdern und erh\u00e4ltst dabei Einblick in die Entwicklungsprozesse von Verpackungsl\u00f6sungen.<\/p>\n<hr \/>\n<p><strong>BERUFSAUSBILDUNG<\/strong><\/p>\n<p>Die 3-j\u00e4hrige Ausbildung findet dual im Ausbildungsbetrieb und in der zust\u00e4ndigen Berufsschule statt. Nach erfolgreicher Ausbildung ist die Weiterqualifizierung zum Meister und Techniker m\u00f6glich.<\/p>\n<hr \/>\n<p><strong>BEZEICHNUNG<\/strong><\/p>\n<p>Packmitteltechnologe\/-technologin<\/p>\n<hr \/>\n<p><strong>AUSBILDUNGSDAUER<\/strong><\/p>\n<p>3 Jahre<\/p>\n<hr \/>\n<p><strong>ANFORDERUNGEN<\/strong><\/p>\n<p>Realschulabschluss, handwerkliches Geschick, technisches Verst\u00e4ndnis AUFGABEN Bedienen von Anlagen, Umr\u00fcstung, \u00dcberwachung der Fertigungsabl\u00e4ufe, Entwicklung von Standardverpackungen<\/p>\n<hr \/>\n<p><strong>EINSATZM\u00d6GLICHKEITEN<\/strong><\/p>\n<p>Maschinenf\u00fchrer, Schichtleiter, Instandhaltung, Verpackungsentwicklung<\/p>\n<hr \/>\n<p><strong>AUSBILDUNGSST\u00c4TTEN<\/strong><\/p>\n<p>Betrieb und zust\u00e4ndige Berufsschule<\/p>\n<p>[\/et_pb_accordion_item][et_pb_accordion_item title=&#8220;Ausbildung zum Industriekaufmann\/-frau&#8220; _builder_version=&#8220;4.22.2&#8243; _module_preset=&#8220;default&#8220; global_colors_info=&#8220;{}&#8220; open=&#8220;off&#8220;]<\/p>\n<p>Industriekaufleute sind die Allrounder im Bereich der Verwaltung. Zahlen sind ihr Metier. Sie besch\u00e4ftigen sich mit kaufm\u00e4nnisch-betriebswirtschaftlichen Aufgaben wie der Finanz- und Materialwirtschaft.<\/p>\n<hr \/>\n<p><strong>BERUFSAUSBILDUNG<\/strong><\/p>\n<p>Als Weiterbildung bieten sich zahlreiche M\u00f6glichkeiten zur Spezialisierung, so z.B. in den Bereichen Marketing, Finanzwirtschaft oder Personalwesen. Industriekaufleute, die eine Hochschulzugangsberechtigung besitzen, k\u00f6nnen einen Bachelorabschluss im Bereich Betriebswirtschaft erwerben.<\/p>\n<hr \/>\n<p><strong>BEZEICHNUNG<\/strong><\/p>\n<p>Industriekaufmann\/-frau<\/p>\n<hr \/>\n<p><strong>AUSBILDUNGSDAUER<\/strong><\/p>\n<p>3 Jahre<\/p>\n<hr \/>\n<p><strong>ANFORDERUNGEN<\/strong><\/p>\n<p>Realschulabschluss, Zahlenverst\u00e4ndnis, Ausdrucksf\u00e4higkeit, Fremdsprachen, Teamf\u00e4higkeit AUFGABEN Sachbearbeitung in Verwaltungsfunktionen<\/p>\n<hr \/>\n<p><strong>EINSATZM\u00d6GLICHKEITEN<\/strong><\/p>\n<p>Materialwirtschaft, Vertrieb und Marketing, Personal- sowie Finanzwesen<\/p>\n<hr \/>\n<p><strong>AUSBILDUNGSST\u00c4TTEN<\/strong><\/p>\n<p>Betrieb und zust\u00e4ndige Berufsschulen<\/p>\n<p>[\/et_pb_accordion_item][\/et_pb_accordion][et_pb_text _builder_version=&#8220;4.27.4&#8243; text_font_size=&#8220;18px&#8220; text_line_height=&#8220;2em&#8220; header_font=&#8220;Unna||||||||&#8220; header_font_size=&#8220;96px&#8220; header_2_font=&#8220;|700|||||||&#8220; header_3_font=&#8220;|700|||||||&#8220; header_3_text_color=&#8220;#F07D00&#8243; header_3_font_size=&#8220;18px&#8220; custom_margin=&#8220;80px||||false|false&#8220; text_font_size_tablet=&#8220;16px&#8220; text_font_size_phone=&#8220;15px&#8220; text_font_size_last_edited=&#8220;on|phone&#8220; header_font_tablet=&#8220;&#8220; header_font_phone=&#8220;&#8220; header_font_last_edited=&#8220;on|phone&#8220; header_font_size_tablet=&#8220;60px&#8220; header_font_size_phone=&#8220;42px&#8220; header_font_size_last_edited=&#8220;on|tablet&#8220; locked=&#8220;off&#8220; global_colors_info=&#8220;{}&#8220;]<\/p>\n<h2><span>Kontakt f\u00fcr Bewerber<\/span><\/h2>\n<p>Herr Peter Wattenbach<\/p>\n<div class=\"adr address\">\n<div class=\"street-address\">Houbirgstra\u00dfe 25<\/div>\n<p><span class=\"postal-code\">D-91217<\/span><span>\u00a0<\/span><span class=\"locality\">Hersbruck<\/span><\/p>\n<hr \/>\n<p>Bewerbungsadresse: <a href=\"mailto:bewerbung@paul-lindner.de\">bewerbung@paul-lindner.de<\/a><\/p>\n<\/div>\n<p>[\/et_pb_text][\/et_pb_column][et_pb_column type=&#8220;2_5&#8243; _builder_version=&#8220;4.16&#8243; global_colors_info=&#8220;{}&#8220;][et_pb_image src=&#8220;https:\/\/paul-lindner.de\/v3\/wp-content\/uploads\/2023\/09\/691B0400_web5-577&#215;1030-1.jpg&#8220; title_text=&#8220;691B0400_web5-577&#215;1030&#8243; _builder_version=&#8220;4.25.1&#8243; custom_margin=&#8220;|-5vw|||false|false&#8220; custom_margin_tablet=&#8220;|0vw|||false|false&#8220; custom_margin_phone=&#8220;||||false|false&#8220; custom_margin_last_edited=&#8220;on|tablet&#8220; scroll_vertical_motion=&#8220;0|90|90|100|-1|0|1&#8243; border_color_all=&#8220;#ffffff&#8220; border_width_all_tablet=&#8220;40px&#8220; border_width_all_phone=&#8220;20px&#8220; border_width_all_last_edited=&#8220;on|phone&#8220; box_shadow_style=&#8220;preset3&#8243; box_shadow_color=&#8220;rgba(0,0,0,0.25)&#8220; locked=&#8220;off&#8220; global_colors_info=&#8220;{}&#8220;][\/et_pb_image][\/et_pb_column][\/et_pb_row][\/et_pb_section]<\/p>\n","protected":false},"excerpt":{"rendered":"<p><div class=\"et_pb_module dsm_breadcrumbs dsm_breadcrumbs_0\">\n\t\t\t\t\n\t\t\t\t\n\t\t\t\t\n\t\t\t\t\n\t\t\t\t\n\t\t\t\t\n\t\t\t\t<div class=\"et_pb_module_inner\">\n\t\t\t\t\t<nav class=\"dsm_breadcrumbs_wrap\">\n\t\t\t\t<ul class=\"dsm_breadcrumbs\" itemscope itemtype=\"https:\/\/schema.org\/BreadcrumbList\">\t\t\t<li class=\"dsm_breadcrumbs_item dsm_home_item dsm_home_item_custom\" itemprop=\"itemListElement\" itemscope\n\t\t\titemtype=\"https:\/\/schema.org\/ListItem\">\n\t\t\t\t<a href=\"https:\/\/paul-lindner.de\/v3\" itemprop=\"item\" target=\"\">\n\t\t\t\t\t<span class='dsm_home_text_wrapper'>\n\t\t\t\t\t\t\t\t\t\t\t\t\t<span class=\"et-pb-icon dsm_home_icon\">&#xe074;<\/span>\n\t\t\t\t\t\t\t\t\t\t\t\t\t<span class=\"dsm_home_text\" itemprop=\"name\">\n\t\t\t\t\t\t\t\tHome\t\t\t\t\t\t\t<\/span>\n\t\t\t\t\t<\/span>\n\t\t\t\t<\/a>\n\t\t\t\t<meta itemprop=\"position\" content=\"1\" \/>\n\t\t\t<\/li>\n\n\t\t<li class=\"dsm_breadcrumbs_separator\"> <span class=\"et-pb-icon dsm_separator_icon\">&#x45;<\/span><\/li><\/ul>\n\t\t\t<\/nav>\n\t\t\t\t<\/div>\n\t\t\t<\/div>Karriere bei Lindner Verpackungen. Die Paul Lindner GmbH ist ein mittelst\u00e4ndisches, dynamisches und erfolgreiches Unternehmen in der Verpackungsindustrie. Als eines der f\u00fchrenden Unternehmen im Bereich Herstellung und Vertrieb von ma\u00dfgeschneiderten Verpackungsl\u00f6sungen haben wir uns zum Ziel gesetzt, unseren Kunden stets wirtschaftliche L\u00f6sungen anzubieten. Zur Verst\u00e4rkung unseres Teams suchen wir:&nbsp; IHR AUFGABENGEBIET: Be- und Entladen von Lkws Transport unserer Waren an unsere Kunden im Nahverkehr Innerbetrieblicher Transport IHR PROFIL: F\u00fchrerschein Klasse CE mit g\u00fcltiger Fahrerkarte Berufserfahrung im F\u00fchren von Lkw Zuverl\u00e4ssigkeit, eigenverantwortliche Arbeitsweise technisches Verst\u00e4ndnis Freude an der Arbeit, Teamf\u00e4higkeit Interesse an einer langfristigen Besch\u00e4ftigung WIR BIETEN: Einen abwechslungsreichen, sicheren Arbeitsplatz Kollegiales Betriebsklima Fahrradleasing Zusatzleistungen Wenn wir Ihr Interesse geweckt haben, dann senden Sie bitte Ihre aussagekr\u00e4ftigen Bewerbungsunterlagen unter Angabe Ihrer Gehaltsvorstellung und Ihres fr\u00fchestm\u00f6glichen Eintrittstermins per Email oder an unsere Postanschrift. Wir freuen uns darauf, Sie kennenzulernen!&nbsp; IHR AUFGABENGEBIET: Erstellung von Produktionsunterlagen wie Musterkarten, Druckkarten und Konfektionier-Anleitungen Erstellung von Druck- und Stanzzeichnungen Beschaffung von Werkzeugen und Klischees Pr\u00fcfung der neu beschafften Werkzeuge und Klischees Erstellung von Jobkarten f\u00fcr die Fertigung Sicherstellung der termingerechten Verf\u00fcgbarkeit von neu bestellten oder reparaturbed\u00fcrftigen Werkzeugen und Klischees Durchf\u00fchrung von Fertigungsabnahmen im Bereich Werkzeuge und Druck IHR PROFIL: Eine abgeschlossene [&hellip;]<\/p>\n","protected":false},"author":1,"featured_media":0,"parent":0,"menu_order":0,"comment_status":"closed","ping_status":"closed","template":"","meta":{"_et_pb_use_builder":"on","_et_pb_old_content":"","_et_gb_content_width":"","footnotes":""},"class_list":["post-4689","page","type-page","status-publish","hentry"],"yoast_head":"<!-- This site is optimized with the Yoast SEO plugin v27.5 - https:\/\/yoast.com\/product\/yoast-seo-wordpress\/ -->\n<title>Stellenangebote - Paul Lindner GmbH<\/title>\n<meta name=\"robots\" content=\"index, follow, max-snippet:-1, max-image-preview:large, max-video-preview:-1\" \/>\n<link rel=\"canonical\" href=\"https:\/\/paul-lindner.de\/v3\/karriere\/\" \/>\n<meta property=\"og:locale\" content=\"de_DE\" \/>\n<meta property=\"og:type\" content=\"article\" \/>\n<meta property=\"og:title\" content=\"Stellenangebote - Paul Lindner GmbH\" \/>\n<meta property=\"og:description\" content=\"Karriere bei Lindner Verpackungen. Die Paul Lindner GmbH ist ein mittelst\u00e4ndisches, dynamisches und erfolgreiches Unternehmen in der Verpackungsindustrie. Als eines der f\u00fchrenden Unternehmen im Bereich Herstellung und Vertrieb von ma\u00dfgeschneiderten Verpackungsl\u00f6sungen haben wir uns zum Ziel gesetzt, unseren Kunden stets wirtschaftliche L\u00f6sungen anzubieten. Zur Verst\u00e4rkung unseres Teams suchen wir:&nbsp; IHR AUFGABENGEBIET: Be- und Entladen von Lkws Transport unserer Waren an unsere Kunden im Nahverkehr Innerbetrieblicher Transport IHR PROFIL: F\u00fchrerschein Klasse CE mit g\u00fcltiger Fahrerkarte Berufserfahrung im F\u00fchren von Lkw Zuverl\u00e4ssigkeit, eigenverantwortliche Arbeitsweise technisches Verst\u00e4ndnis Freude an der Arbeit, Teamf\u00e4higkeit Interesse an einer langfristigen Besch\u00e4ftigung WIR BIETEN: Einen abwechslungsreichen, sicheren Arbeitsplatz Kollegiales Betriebsklima Fahrradleasing Zusatzleistungen Wenn wir Ihr Interesse geweckt haben, dann senden Sie bitte Ihre aussagekr\u00e4ftigen Bewerbungsunterlagen unter Angabe Ihrer Gehaltsvorstellung und Ihres fr\u00fchestm\u00f6glichen Eintrittstermins per Email oder an unsere Postanschrift. Wir freuen uns darauf, Sie kennenzulernen!&nbsp; IHR AUFGABENGEBIET: Erstellung von Produktionsunterlagen wie Musterkarten, Druckkarten und Konfektionier-Anleitungen Erstellung von Druck- und Stanzzeichnungen Beschaffung von Werkzeugen und Klischees Pr\u00fcfung der neu beschafften Werkzeuge und Klischees Erstellung von Jobkarten f\u00fcr die Fertigung Sicherstellung der termingerechten Verf\u00fcgbarkeit von neu bestellten oder reparaturbed\u00fcrftigen Werkzeugen und Klischees Durchf\u00fchrung von Fertigungsabnahmen im Bereich Werkzeuge und Druck IHR PROFIL: Eine abgeschlossene [&hellip;]\" \/>\n<meta property=\"og:url\" content=\"https:\/\/paul-lindner.de\/v3\/karriere\/\" \/>\n<meta property=\"og:site_name\" content=\"Paul Lindner GmbH\" \/>\n<meta property=\"article:modified_time\" content=\"2025-06-02T13:39:07+00:00\" \/>\n<meta property=\"og:image\" content=\"https:\/\/paul-lindner.de\/v3\/wp-content\/uploads\/2024\/05\/pdf_dl.png\" \/>\n<meta name=\"twitter:card\" content=\"summary_large_image\" \/>\n<meta name=\"twitter:label1\" content=\"Gesch\u00e4tzte Lesezeit\" \/>\n\t<meta name=\"twitter:data1\" content=\"10\u00a0Minuten\" \/>\n<script type=\"application\/ld+json\" class=\"yoast-schema-graph\">{\"@context\":\"https:\\\/\\\/schema.org\",\"@graph\":[{\"@type\":\"WebPage\",\"@id\":\"https:\\\/\\\/paul-lindner.de\\\/v3\\\/karriere\\\/\",\"url\":\"https:\\\/\\\/paul-lindner.de\\\/v3\\\/karriere\\\/\",\"name\":\"Stellenangebote - Paul Lindner GmbH\",\"isPartOf\":{\"@id\":\"https:\\\/\\\/paul-lindner.de\\\/v3\\\/#website\"},\"primaryImageOfPage\":{\"@id\":\"https:\\\/\\\/paul-lindner.de\\\/v3\\\/karriere\\\/#primaryimage\"},\"image\":{\"@id\":\"https:\\\/\\\/paul-lindner.de\\\/v3\\\/karriere\\\/#primaryimage\"},\"thumbnailUrl\":\"https:\\\/\\\/paul-lindner.de\\\/v3\\\/wp-content\\\/uploads\\\/2024\\\/05\\\/pdf_dl.png\",\"datePublished\":\"2023-10-19T09:59:17+00:00\",\"dateModified\":\"2025-06-02T13:39:07+00:00\",\"breadcrumb\":{\"@id\":\"https:\\\/\\\/paul-lindner.de\\\/v3\\\/karriere\\\/#breadcrumb\"},\"inLanguage\":\"de\",\"potentialAction\":[{\"@type\":\"ReadAction\",\"target\":[\"https:\\\/\\\/paul-lindner.de\\\/v3\\\/karriere\\\/\"]}]},{\"@type\":\"ImageObject\",\"inLanguage\":\"de\",\"@id\":\"https:\\\/\\\/paul-lindner.de\\\/v3\\\/karriere\\\/#primaryimage\",\"url\":\"https:\\\/\\\/paul-lindner.de\\\/v3\\\/wp-content\\\/uploads\\\/2024\\\/05\\\/pdf_dl.png\",\"contentUrl\":\"https:\\\/\\\/paul-lindner.de\\\/v3\\\/wp-content\\\/uploads\\\/2024\\\/05\\\/pdf_dl.png\",\"width\":58,\"height\":76},{\"@type\":\"BreadcrumbList\",\"@id\":\"https:\\\/\\\/paul-lindner.de\\\/v3\\\/karriere\\\/#breadcrumb\",\"itemListElement\":[{\"@type\":\"ListItem\",\"position\":1,\"name\":\"Startseite\",\"item\":\"https:\\\/\\\/paul-lindner.de\\\/v3\\\/\"},{\"@type\":\"ListItem\",\"position\":2,\"name\":\"Stellenangebote\"}]},{\"@type\":\"WebSite\",\"@id\":\"https:\\\/\\\/paul-lindner.de\\\/v3\\\/#website\",\"url\":\"https:\\\/\\\/paul-lindner.de\\\/v3\\\/\",\"name\":\"Paul Lindner GmbH\",\"description\":\"Verpackungen\",\"potentialAction\":[{\"@type\":\"SearchAction\",\"target\":{\"@type\":\"EntryPoint\",\"urlTemplate\":\"https:\\\/\\\/paul-lindner.de\\\/v3\\\/?s={search_term_string}\"},\"query-input\":{\"@type\":\"PropertyValueSpecification\",\"valueRequired\":true,\"valueName\":\"search_term_string\"}}],\"inLanguage\":\"de\"}]}<\/script>\n<!-- \/ Yoast SEO plugin. -->","yoast_head_json":{"title":"Stellenangebote - Paul Lindner GmbH","robots":{"index":"index","follow":"follow","max-snippet":"max-snippet:-1","max-image-preview":"max-image-preview:large","max-video-preview":"max-video-preview:-1"},"canonical":"https:\/\/paul-lindner.de\/v3\/karriere\/","og_locale":"de_DE","og_type":"article","og_title":"Stellenangebote - Paul Lindner GmbH","og_description":"Karriere bei Lindner Verpackungen. Die Paul Lindner GmbH ist ein mittelst\u00e4ndisches, dynamisches und erfolgreiches Unternehmen in der Verpackungsindustrie. Als eines der f\u00fchrenden Unternehmen im Bereich Herstellung und Vertrieb von ma\u00dfgeschneiderten Verpackungsl\u00f6sungen haben wir uns zum Ziel gesetzt, unseren Kunden stets wirtschaftliche L\u00f6sungen anzubieten. Zur Verst\u00e4rkung unseres Teams suchen wir:&nbsp; IHR AUFGABENGEBIET: Be- und Entladen von Lkws Transport unserer Waren an unsere Kunden im Nahverkehr Innerbetrieblicher Transport IHR PROFIL: F\u00fchrerschein Klasse CE mit g\u00fcltiger Fahrerkarte Berufserfahrung im F\u00fchren von Lkw Zuverl\u00e4ssigkeit, eigenverantwortliche Arbeitsweise technisches Verst\u00e4ndnis Freude an der Arbeit, Teamf\u00e4higkeit Interesse an einer langfristigen Besch\u00e4ftigung WIR BIETEN: Einen abwechslungsreichen, sicheren Arbeitsplatz Kollegiales Betriebsklima Fahrradleasing Zusatzleistungen Wenn wir Ihr Interesse geweckt haben, dann senden Sie bitte Ihre aussagekr\u00e4ftigen Bewerbungsunterlagen unter Angabe Ihrer Gehaltsvorstellung und Ihres fr\u00fchestm\u00f6glichen Eintrittstermins per Email oder an unsere Postanschrift. Wir freuen uns darauf, Sie kennenzulernen!&nbsp; IHR AUFGABENGEBIET: Erstellung von Produktionsunterlagen wie Musterkarten, Druckkarten und Konfektionier-Anleitungen Erstellung von Druck- und Stanzzeichnungen Beschaffung von Werkzeugen und Klischees Pr\u00fcfung der neu beschafften Werkzeuge und Klischees Erstellung von Jobkarten f\u00fcr die Fertigung Sicherstellung der termingerechten Verf\u00fcgbarkeit von neu bestellten oder reparaturbed\u00fcrftigen Werkzeugen und Klischees Durchf\u00fchrung von Fertigungsabnahmen im Bereich Werkzeuge und Druck IHR PROFIL: Eine abgeschlossene [&hellip;]","og_url":"https:\/\/paul-lindner.de\/v3\/karriere\/","og_site_name":"Paul Lindner GmbH","article_modified_time":"2025-06-02T13:39:07+00:00","og_image":[{"url":"https:\/\/paul-lindner.de\/v3\/wp-content\/uploads\/2024\/05\/pdf_dl.png","type":"","width":"","height":""}],"twitter_card":"summary_large_image","twitter_misc":{"Gesch\u00e4tzte Lesezeit":"10\u00a0Minuten"},"schema":{"@context":"https:\/\/schema.org","@graph":[{"@type":"WebPage","@id":"https:\/\/paul-lindner.de\/v3\/karriere\/","url":"https:\/\/paul-lindner.de\/v3\/karriere\/","name":"Stellenangebote - Paul Lindner GmbH","isPartOf":{"@id":"https:\/\/paul-lindner.de\/v3\/#website"},"primaryImageOfPage":{"@id":"https:\/\/paul-lindner.de\/v3\/karriere\/#primaryimage"},"image":{"@id":"https:\/\/paul-lindner.de\/v3\/karriere\/#primaryimage"},"thumbnailUrl":"https:\/\/paul-lindner.de\/v3\/wp-content\/uploads\/2024\/05\/pdf_dl.png","datePublished":"2023-10-19T09:59:17+00:00","dateModified":"2025-06-02T13:39:07+00:00","breadcrumb":{"@id":"https:\/\/paul-lindner.de\/v3\/karriere\/#breadcrumb"},"inLanguage":"de","potentialAction":[{"@type":"ReadAction","target":["https:\/\/paul-lindner.de\/v3\/karriere\/"]}]},{"@type":"ImageObject","inLanguage":"de","@id":"https:\/\/paul-lindner.de\/v3\/karriere\/#primaryimage","url":"https:\/\/paul-lindner.de\/v3\/wp-content\/uploads\/2024\/05\/pdf_dl.png","contentUrl":"https:\/\/paul-lindner.de\/v3\/wp-content\/uploads\/2024\/05\/pdf_dl.png","width":58,"height":76},{"@type":"BreadcrumbList","@id":"https:\/\/paul-lindner.de\/v3\/karriere\/#breadcrumb","itemListElement":[{"@type":"ListItem","position":1,"name":"Startseite","item":"https:\/\/paul-lindner.de\/v3\/"},{"@type":"ListItem","position":2,"name":"Stellenangebote"}]},{"@type":"WebSite","@id":"https:\/\/paul-lindner.de\/v3\/#website","url":"https:\/\/paul-lindner.de\/v3\/","name":"Paul Lindner GmbH","description":"Verpackungen","potentialAction":[{"@type":"SearchAction","target":{"@type":"EntryPoint","urlTemplate":"https:\/\/paul-lindner.de\/v3\/?s={search_term_string}"},"query-input":{"@type":"PropertyValueSpecification","valueRequired":true,"valueName":"search_term_string"}}],"inLanguage":"de"}]}},"_links":{"self":[{"href":"https:\/\/paul-lindner.de\/v3\/wp-json\/wp\/v2\/pages\/4689","targetHints":{"allow":["GET"]}}],"collection":[{"href":"https:\/\/paul-lindner.de\/v3\/wp-json\/wp\/v2\/pages"}],"about":[{"href":"https:\/\/paul-lindner.de\/v3\/wp-json\/wp\/v2\/types\/page"}],"author":[{"embeddable":true,"href":"https:\/\/paul-lindner.de\/v3\/wp-json\/wp\/v2\/users\/1"}],"replies":[{"embeddable":true,"href":"https:\/\/paul-lindner.de\/v3\/wp-json\/wp\/v2\/comments?post=4689"}],"version-history":[{"count":18,"href":"https:\/\/paul-lindner.de\/v3\/wp-json\/wp\/v2\/pages\/4689\/revisions"}],"predecessor-version":[{"id":5121,"href":"https:\/\/paul-lindner.de\/v3\/wp-json\/wp\/v2\/pages\/4689\/revisions\/5121"}],"wp:attachment":[{"href":"https:\/\/paul-lindner.de\/v3\/wp-json\/wp\/v2\/media?parent=4689"}],"curies":[{"name":"wp","href":"https:\/\/api.w.org\/{rel}","templated":true}]}}