{"id":4628,"date":"2023-10-19T08:56:20","date_gmt":"2023-10-19T06:56:20","guid":{"rendered":"https:\/\/paul-lindner.de\/v3\/?page_id=4628"},"modified":"2024-10-28T14:30:27","modified_gmt":"2024-10-28T13:30:27","slug":"individuelle-verpackungskonzepte-fuer-die-industrie-paul-lindner-gmbh","status":"publish","type":"page","link":"https:\/\/paul-lindner.de\/v3\/individuelle-verpackungskonzepte-fuer-die-industrie-paul-lindner-gmbh\/","title":{"rendered":"Entwicklung"},"content":{"rendered":"<p>[et_pb_section fb_built=&#8220;1&#8243; admin_label=&#8220;Header&#8220; _builder_version=&#8220;4.22.1&#8243; custom_padding=&#8220;130px||0px||false|false&#8220; locked=&#8220;off&#8220; global_colors_info=&#8220;{}&#8220;][et_pb_row _builder_version=&#8220;4.22.1&#8243; custom_margin=&#8220;||||false|false&#8220; locked=&#8220;off&#8220; global_colors_info=&#8220;{}&#8220;][et_pb_column type=&#8220;4_4&#8243; _builder_version=&#8220;4.16&#8243; global_colors_info=&#8220;{}&#8220;][dsm_breadcrumbs home_icon=&#8220;&#xe074;||divi||400&#8243; separator_icon=&#8220;&#x45;||divi||400&#8243; _builder_version=&#8220;4.22.1&#8243; _module_preset=&#8220;default&#8220; home_icon_text_color=&#8220;#F07D00&#8243; global_colors_info=&#8220;{}&#8220;][\/dsm_breadcrumbs][\/et_pb_column][\/et_pb_row][\/et_pb_section][et_pb_section fb_built=&#8220;1&#8243; custom_padding_last_edited=&#8220;on|tablet&#8220; admin_label=&#8220;Header&#8220; _builder_version=&#8220;4.22.2&#8243; custom_margin=&#8220;||||false|false&#8220; custom_padding=&#8220;||0px||false|false&#8220; custom_padding_tablet=&#8220;0px||||false|false&#8220; custom_padding_phone=&#8220;&#8220; global_colors_info=&#8220;{}&#8220;][et_pb_row column_structure=&#8220;3_5,2_5&#8243; custom_padding_last_edited=&#8220;on|phone&#8220; _builder_version=&#8220;4.22.2&#8243; background_color=&#8220;#E6E6E6&#8243; width_tablet=&#8220;100%&#8220; width_phone=&#8220;&#8220; width_last_edited=&#8220;on|tablet&#8220; custom_padding=&#8220;27px||27px|80px|true|false&#8220; custom_padding_tablet=&#8220;40px|40px|40px|40px|true|true&#8220; custom_padding_phone=&#8220;||||false&#8220; box_shadow_style=&#8220;preset4&#8243; box_shadow_horizontal=&#8220;30vw&#8220; box_shadow_vertical=&#8220;0px&#8220; box_shadow_color=&#8220;#3C3D41&#8243; global_colors_info=&#8220;{}&#8220;][et_pb_column type=&#8220;3_5&#8243; _builder_version=&#8220;4.16&#8243; global_colors_info=&#8220;{}&#8220;][et_pb_text _builder_version=&#8220;4.22.2&#8243; text_font_size=&#8220;18px&#8220; text_line_height=&#8220;2em&#8220; header_font=&#8220;Unna||||||||&#8220; header_font_size=&#8220;96px&#8220; header_2_font=&#8220;|700|||||||&#8220; header_3_font=&#8220;|700|||||||&#8220; header_3_text_color=&#8220;#F07D00&#8243; header_3_font_size=&#8220;18px&#8220; text_font_size_tablet=&#8220;16px&#8220; text_font_size_phone=&#8220;15px&#8220; text_font_size_last_edited=&#8220;on|phone&#8220; header_font_tablet=&#8220;&#8220; header_font_phone=&#8220;&#8220; header_font_last_edited=&#8220;on|phone&#8220; header_font_size_tablet=&#8220;60px&#8220; header_font_size_phone=&#8220;42px&#8220; header_font_size_last_edited=&#8220;on|tablet&#8220; global_colors_info=&#8220;{}&#8220;]<\/p>\n<h2>Wir entwickeln f\u00fcr Sie<\/h2>\n<h3><span>Individuelle Verpackungskonzepte.<\/span><\/h3>\n<p>[\/et_pb_text][\/et_pb_column][et_pb_column type=&#8220;2_5&#8243; _builder_version=&#8220;4.16&#8243; global_colors_info=&#8220;{}&#8220;][\/et_pb_column][\/et_pb_row][et_pb_row column_structure=&#8220;1_3,1_3,1_3&#8243; custom_padding_last_edited=&#8220;on|phone&#8220; _builder_version=&#8220;4.22.2&#8243; background_color=&#8220;#E6E6E6&#8243; width_tablet=&#8220;100%&#8220; width_phone=&#8220;&#8220; width_last_edited=&#8220;on|tablet&#8220; custom_padding=&#8220;27px||27px|80px|true|false&#8220; custom_padding_tablet=&#8220;40px|40px|40px|40px|true|true&#8220; custom_padding_phone=&#8220;||||false&#8220; box_shadow_style=&#8220;preset4&#8243; box_shadow_horizontal=&#8220;30vw&#8220; box_shadow_vertical=&#8220;0px&#8220; box_shadow_color=&#8220;#3C3D41&#8243; global_colors_info=&#8220;{}&#8220;][et_pb_column type=&#8220;1_3&#8243; _builder_version=&#8220;4.16&#8243; global_colors_info=&#8220;{}&#8220;][dsm_card content_equal_height=&#8220;on&#8220; image=&#8220;https:\/\/paul-lindner.de\/v3\/wp-content\/uploads\/2023\/10\/electronics-designers-with-cad-imagery-in-electron-2022-03-07-23-58-37-utc_web-1030&#215;688-1.jpg&#8220; content_padding=&#8220;20px|0px|20px|0px|false|true&#8220; button_url_new_window=&#8220;1&#8243; _builder_version=&#8220;4.22.2&#8243; _module_preset=&#8220;default&#8220; global_colors_info=&#8220;{}&#8220;]<\/p>\n<p><span>Zuerst werden mit Ihnen die genauen Anforderungen diskutiert. Die Erfahrung aus vielen Projekten sind Grundlage f\u00fcr eine effektive L\u00f6sung.<\/span><\/p>\n<p>[\/dsm_card][\/et_pb_column][et_pb_column type=&#8220;1_3&#8243; _builder_version=&#8220;4.16&#8243; global_colors_info=&#8220;{}&#8220;][dsm_card content_equal_height=&#8220;on&#8220; image=&#8220;https:\/\/paul-lindner.de\/v3\/wp-content\/uploads\/2023\/10\/691B9916_web-1030&#215;687-1.jpg&#8220; content_padding=&#8220;20px|0px|20px|0px|false|true&#8220; button_url_new_window=&#8220;1&#8243; _builder_version=&#8220;4.22.2&#8243; _module_preset=&#8220;default&#8220; global_colors_info=&#8220;{}&#8220;]<\/p>\n<p><span>In unserem Entwicklungsb\u00fcro werden unter genauer Ber\u00fccksichtigung der techn. Anforderungen, Transportweg, Handling, Umweltaspekt und letztlich auch der Kosten, eine entsprechende Verpackung konstruiert.<\/span><\/p>\n<p>[\/dsm_card][\/et_pb_column][et_pb_column type=&#8220;1_3&#8243; _builder_version=&#8220;4.16&#8243; global_colors_info=&#8220;{}&#8220;][dsm_card content_equal_height=&#8220;on&#8220; image=&#8220;https:\/\/paul-lindner.de\/v3\/wp-content\/uploads\/2023\/10\/individuelle-verpackungsloesungen-5-1030&#215;641-1.jpg&#8220; content_padding=&#8220;20px|0px|20px|0px|false|true&#8220; button_url_new_window=&#8220;1&#8243; _builder_version=&#8220;4.22.2&#8243; _module_preset=&#8220;default&#8220; global_colors_info=&#8220;{}&#8220;]<\/p>\n<p><span>Hierbei kommen neben Wellpappe auch die unterschiedlichsten Sch\u00e4ume oder Holz zum Einsatz. Das Foto zeigt als Beispiel unsere Eigenentwicklung.<\/span><\/p>\n<p>[\/dsm_card][\/et_pb_column][\/et_pb_row][\/et_pb_section]<\/p>\n","protected":false},"excerpt":{"rendered":"<p><div class=\"et_pb_module dsm_breadcrumbs dsm_breadcrumbs_0\">\n\t\t\t\t\n\t\t\t\t\n\t\t\t\t\n\t\t\t\t\n\t\t\t\t\n\t\t\t\t\n\t\t\t\t<div class=\"et_pb_module_inner\">\n\t\t\t\t\t<nav class=\"dsm_breadcrumbs_wrap\">\n\t\t\t\t<ul class=\"dsm_breadcrumbs\" itemscope itemtype=\"https:\/\/schema.org\/BreadcrumbList\">\t\t\t<li class=\"dsm_breadcrumbs_item dsm_home_item dsm_home_item_custom\" itemprop=\"itemListElement\" itemscope\n\t\t\titemtype=\"https:\/\/schema.org\/ListItem\">\n\t\t\t\t<a href=\"https:\/\/paul-lindner.de\/v3\" itemprop=\"item\" target=\"\">\n\t\t\t\t\t<span class='dsm_home_text_wrapper'>\n\t\t\t\t\t\t\t\t\t\t\t\t\t<span class=\"et-pb-icon dsm_home_icon\">&#xe074;<\/span>\n\t\t\t\t\t\t\t\t\t\t\t\t\t<span class=\"dsm_home_text\" itemprop=\"name\">\n\t\t\t\t\t\t\t\tHome\t\t\t\t\t\t\t<\/span>\n\t\t\t\t\t<\/span>\n\t\t\t\t<\/a>\n\t\t\t\t<meta itemprop=\"position\" content=\"1\" \/>\n\t\t\t<\/li>\n\n\t\t<li class=\"dsm_breadcrumbs_separator\"> <span class=\"et-pb-icon dsm_separator_icon\">&#x45;<\/span><\/li><\/ul>\n\t\t\t<\/nav>\n\t\t\t\t<\/div>\n\t\t\t<\/div>Wir entwickeln f\u00fcr Sie Individuelle Verpackungskonzepte.<div class=\"et_pb_module dsm_card dsm_card_0 et_pb_bg_layout_light  dsm_card_layout_stacked\">\n\t\t\t\t\n\t\t\t\t\n\t\t\t\t\n\t\t\t\t\n\t\t\t\t\n\t\t\t\t\n\t\t\t\t<div class=\"et_pb_module_inner\">\n\t\t\t\t\t\n\t\t\t\n\t\t\t<figure class=\"dsm_card_image_wrapper dsm_card_badge_top_right\"><div class=\"dsm_card_image_background dsm_card_img\"><\/div><\/figure>\n\t\t\t<div class=\"et_pb_module dsm_card_wrapper et_pb_text_align_left\">\n\t\t\t\t\t\n\t\t\t\t\t\n\t\t\t\t\t\n\t\t\t\t\t<div class=\"dsm_card_description\">Zuerst werden mit Ihnen die genauen Anforderungen diskutiert. Die Erfahrung aus vielen Projekten sind Grundlage f\u00fcr eine effektive L\u00f6sung.<\/div>\n\t\t\t\t\t\n\t\t\t\t<\/div>\n\t\t\t\n\t\t\t\t<\/div>\n\t\t\t<\/div><div class=\"et_pb_module dsm_card dsm_card_1 et_pb_bg_layout_light  dsm_card_layout_stacked\">\n\t\t\t\t\n\t\t\t\t\n\t\t\t\t\n\t\t\t\t\n\t\t\t\t\n\t\t\t\t\n\t\t\t\t<div class=\"et_pb_module_inner\">\n\t\t\t\t\t\n\t\t\t\n\t\t\t<figure class=\"dsm_card_image_wrapper dsm_card_badge_top_right\"><div class=\"dsm_card_image_background dsm_card_img\"><\/div><\/figure>\n\t\t\t<div class=\"et_pb_module dsm_card_wrapper et_pb_text_align_left\">\n\t\t\t\t\t\n\t\t\t\t\t\n\t\t\t\t\t\n\t\t\t\t\t<div class=\"dsm_card_description\">In unserem Entwicklungsb\u00fcro werden unter genauer Ber\u00fccksichtigung der techn. Anforderungen, Transportweg, Handling, Umweltaspekt und letztlich auch der Kosten, eine entsprechende Verpackung konstruiert.<\/div>\n\t\t\t\t\t\n\t\t\t\t<\/div>\n\t\t\t\n\t\t\t\t<\/div>\n\t\t\t<\/div><div class=\"et_pb_module dsm_card dsm_card_2 et_pb_bg_layout_light  dsm_card_layout_stacked\">\n\t\t\t\t\n\t\t\t\t\n\t\t\t\t\n\t\t\t\t\n\t\t\t\t\n\t\t\t\t\n\t\t\t\t<div class=\"et_pb_module_inner\">\n\t\t\t\t\t\n\t\t\t\n\t\t\t<figure class=\"dsm_card_image_wrapper dsm_card_badge_top_right\"><div class=\"dsm_card_image_background dsm_card_img\"><\/div><\/figure>\n\t\t\t<div class=\"et_pb_module dsm_card_wrapper et_pb_text_align_left\">\n\t\t\t\t\t\n\t\t\t\t\t\n\t\t\t\t\t\n\t\t\t\t\t<div class=\"dsm_card_description\">Hierbei kommen neben Wellpappe auch die unterschiedlichsten Sch\u00e4ume oder Holz zum Einsatz. Das Foto zeigt als Beispiel unsere Eigenentwicklung.<\/div>\n\t\t\t\t\t\n\t\t\t\t<\/div>\n\t\t\t\n\t\t\t\t<\/div>\n\t\t\t<\/div><\/p>\n","protected":false},"author":1,"featured_media":0,"parent":0,"menu_order":0,"comment_status":"closed","ping_status":"closed","template":"","meta":{"_et_pb_use_builder":"on","_et_pb_old_content":"","_et_gb_content_width":"","footnotes":""},"class_list":["post-4628","page","type-page","status-publish","hentry"],"yoast_head":"<!-- This site is optimized with the Yoast SEO plugin v27.2 - https:\/\/yoast.com\/product\/yoast-seo-wordpress\/ -->\n<title>Individuelle Verpackungskonzepte f\u00fcr die Industrie Paul Lindner<\/title>\n<meta name=\"description\" content=\"In unserem Entwicklungsb\u00fcro werden unter genauer Ber\u00fccksichtigung der techn. Anforderungen, Individuelle Verpackungskonzepte entwickelt.\" \/>\n<meta name=\"robots\" content=\"index, follow, max-snippet:-1, max-image-preview:large, max-video-preview:-1\" \/>\n<link rel=\"canonical\" href=\"https:\/\/paul-lindner.de\/v3\/individuelle-verpackungskonzepte-fuer-die-industrie-paul-lindner-gmbh\/\" \/>\n<meta property=\"og:locale\" content=\"de_DE\" \/>\n<meta property=\"og:type\" content=\"article\" \/>\n<meta property=\"og:title\" content=\"Individuelle Verpackungskonzepte f\u00fcr die Industrie Paul Lindner\" \/>\n<meta property=\"og:description\" content=\"In unserem Entwicklungsb\u00fcro werden unter genauer Ber\u00fccksichtigung der techn. Anforderungen, Individuelle Verpackungskonzepte entwickelt.\" \/>\n<meta property=\"og:url\" content=\"https:\/\/paul-lindner.de\/v3\/individuelle-verpackungskonzepte-fuer-die-industrie-paul-lindner-gmbh\/\" \/>\n<meta property=\"og:site_name\" content=\"Paul Lindner GmbH\" \/>\n<meta property=\"article:modified_time\" content=\"2024-10-28T13:30:27+00:00\" \/>\n<meta name=\"twitter:card\" content=\"summary_large_image\" \/>\n<meta name=\"twitter:label1\" content=\"Gesch\u00e4tzte Lesezeit\" \/>\n\t<meta name=\"twitter:data1\" content=\"1\u00a0Minute\" \/>\n<script type=\"application\/ld+json\" class=\"yoast-schema-graph\">{\"@context\":\"https:\/\/schema.org\",\"@graph\":[{\"@type\":\"WebPage\",\"@id\":\"https:\/\/paul-lindner.de\/v3\/individuelle-verpackungskonzepte-fuer-die-industrie-paul-lindner-gmbh\/\",\"url\":\"https:\/\/paul-lindner.de\/v3\/individuelle-verpackungskonzepte-fuer-die-industrie-paul-lindner-gmbh\/\",\"name\":\"Individuelle Verpackungskonzepte f\u00fcr die Industrie Paul Lindner\",\"isPartOf\":{\"@id\":\"https:\/\/paul-lindner.de\/v3\/#website\"},\"datePublished\":\"2023-10-19T06:56:20+00:00\",\"dateModified\":\"2024-10-28T13:30:27+00:00\",\"description\":\"In unserem Entwicklungsb\u00fcro werden unter genauer Ber\u00fccksichtigung der techn. Anforderungen, Individuelle Verpackungskonzepte entwickelt.\",\"breadcrumb\":{\"@id\":\"https:\/\/paul-lindner.de\/v3\/individuelle-verpackungskonzepte-fuer-die-industrie-paul-lindner-gmbh\/#breadcrumb\"},\"inLanguage\":\"de\",\"potentialAction\":[{\"@type\":\"ReadAction\",\"target\":[\"https:\/\/paul-lindner.de\/v3\/individuelle-verpackungskonzepte-fuer-die-industrie-paul-lindner-gmbh\/\"]}]},{\"@type\":\"BreadcrumbList\",\"@id\":\"https:\/\/paul-lindner.de\/v3\/individuelle-verpackungskonzepte-fuer-die-industrie-paul-lindner-gmbh\/#breadcrumb\",\"itemListElement\":[{\"@type\":\"ListItem\",\"position\":1,\"name\":\"Startseite\",\"item\":\"https:\/\/paul-lindner.de\/v3\/\"},{\"@type\":\"ListItem\",\"position\":2,\"name\":\"Entwicklung\"}]},{\"@type\":\"WebSite\",\"@id\":\"https:\/\/paul-lindner.de\/v3\/#website\",\"url\":\"https:\/\/paul-lindner.de\/v3\/\",\"name\":\"Paul Lindner GmbH\",\"description\":\"Verpackungen\",\"potentialAction\":[{\"@type\":\"SearchAction\",\"target\":{\"@type\":\"EntryPoint\",\"urlTemplate\":\"https:\/\/paul-lindner.de\/v3\/?s={search_term_string}\"},\"query-input\":{\"@type\":\"PropertyValueSpecification\",\"valueRequired\":true,\"valueName\":\"search_term_string\"}}],\"inLanguage\":\"de\"}]}<\/script>\n<!-- \/ Yoast SEO plugin. -->","yoast_head_json":{"title":"Individuelle Verpackungskonzepte f\u00fcr die Industrie Paul Lindner","description":"In unserem Entwicklungsb\u00fcro werden unter genauer Ber\u00fccksichtigung der techn. Anforderungen, Individuelle Verpackungskonzepte entwickelt.","robots":{"index":"index","follow":"follow","max-snippet":"max-snippet:-1","max-image-preview":"max-image-preview:large","max-video-preview":"max-video-preview:-1"},"canonical":"https:\/\/paul-lindner.de\/v3\/individuelle-verpackungskonzepte-fuer-die-industrie-paul-lindner-gmbh\/","og_locale":"de_DE","og_type":"article","og_title":"Individuelle Verpackungskonzepte f\u00fcr die Industrie Paul Lindner","og_description":"In unserem Entwicklungsb\u00fcro werden unter genauer Ber\u00fccksichtigung der techn. Anforderungen, Individuelle Verpackungskonzepte entwickelt.","og_url":"https:\/\/paul-lindner.de\/v3\/individuelle-verpackungskonzepte-fuer-die-industrie-paul-lindner-gmbh\/","og_site_name":"Paul Lindner GmbH","article_modified_time":"2024-10-28T13:30:27+00:00","twitter_card":"summary_large_image","twitter_misc":{"Gesch\u00e4tzte Lesezeit":"1\u00a0Minute"},"schema":{"@context":"https:\/\/schema.org","@graph":[{"@type":"WebPage","@id":"https:\/\/paul-lindner.de\/v3\/individuelle-verpackungskonzepte-fuer-die-industrie-paul-lindner-gmbh\/","url":"https:\/\/paul-lindner.de\/v3\/individuelle-verpackungskonzepte-fuer-die-industrie-paul-lindner-gmbh\/","name":"Individuelle Verpackungskonzepte f\u00fcr die Industrie Paul Lindner","isPartOf":{"@id":"https:\/\/paul-lindner.de\/v3\/#website"},"datePublished":"2023-10-19T06:56:20+00:00","dateModified":"2024-10-28T13:30:27+00:00","description":"In unserem Entwicklungsb\u00fcro werden unter genauer Ber\u00fccksichtigung der techn. Anforderungen, Individuelle Verpackungskonzepte entwickelt.","breadcrumb":{"@id":"https:\/\/paul-lindner.de\/v3\/individuelle-verpackungskonzepte-fuer-die-industrie-paul-lindner-gmbh\/#breadcrumb"},"inLanguage":"de","potentialAction":[{"@type":"ReadAction","target":["https:\/\/paul-lindner.de\/v3\/individuelle-verpackungskonzepte-fuer-die-industrie-paul-lindner-gmbh\/"]}]},{"@type":"BreadcrumbList","@id":"https:\/\/paul-lindner.de\/v3\/individuelle-verpackungskonzepte-fuer-die-industrie-paul-lindner-gmbh\/#breadcrumb","itemListElement":[{"@type":"ListItem","position":1,"name":"Startseite","item":"https:\/\/paul-lindner.de\/v3\/"},{"@type":"ListItem","position":2,"name":"Entwicklung"}]},{"@type":"WebSite","@id":"https:\/\/paul-lindner.de\/v3\/#website","url":"https:\/\/paul-lindner.de\/v3\/","name":"Paul Lindner GmbH","description":"Verpackungen","potentialAction":[{"@type":"SearchAction","target":{"@type":"EntryPoint","urlTemplate":"https:\/\/paul-lindner.de\/v3\/?s={search_term_string}"},"query-input":{"@type":"PropertyValueSpecification","valueRequired":true,"valueName":"search_term_string"}}],"inLanguage":"de"}]}},"_links":{"self":[{"href":"https:\/\/paul-lindner.de\/v3\/wp-json\/wp\/v2\/pages\/4628","targetHints":{"allow":["GET"]}}],"collection":[{"href":"https:\/\/paul-lindner.de\/v3\/wp-json\/wp\/v2\/pages"}],"about":[{"href":"https:\/\/paul-lindner.de\/v3\/wp-json\/wp\/v2\/types\/page"}],"author":[{"embeddable":true,"href":"https:\/\/paul-lindner.de\/v3\/wp-json\/wp\/v2\/users\/1"}],"replies":[{"embeddable":true,"href":"https:\/\/paul-lindner.de\/v3\/wp-json\/wp\/v2\/comments?post=4628"}],"version-history":[{"count":3,"href":"https:\/\/paul-lindner.de\/v3\/wp-json\/wp\/v2\/pages\/4628\/revisions"}],"predecessor-version":[{"id":5014,"href":"https:\/\/paul-lindner.de\/v3\/wp-json\/wp\/v2\/pages\/4628\/revisions\/5014"}],"wp:attachment":[{"href":"https:\/\/paul-lindner.de\/v3\/wp-json\/wp\/v2\/media?parent=4628"}],"curies":[{"name":"wp","href":"https:\/\/api.w.org\/{rel}","templated":true}]}}